{"id":362,"date":"2023-10-01T07:21:33","date_gmt":"2023-10-01T07:21:33","guid":{"rendered":"https:\/\/cafe-ruhrblick.ruhr\/?page_id=362"},"modified":"2023-10-01T07:21:33","modified_gmt":"2023-10-01T07:21:33","slug":"jobs","status":"publish","type":"page","link":"https:\/\/cafe-ruhrblick.ruhr\/?page_id=362","title":{"rendered":"Jobs"},"content":{"rendered":"\n<p>Als inhabergef\u00fchrtes Unternehmen in dritter Generation f\u00fchlen wir uns den Werten der Familie und den Traditionen des B\u00e4ckerhandwerks verpflichtet. Beides spiegelt sich in der positiven Arbeitsatmosph\u00e4re wieder, die in unserer Backstube und unseren Verkaufsstellen herrscht. Damit sind wir in der Lage, unseren Kunden seit mehr als 90 Jahren h\u00f6chste Qualit\u00e4t und Frische zu bieten.<\/p>\n\n\n\n<h3 class=\"wp-block-heading\">B\u00e4cker (m\/w\/d) gesucht!<\/h3>\n\n\n\n<p>Wir suchen ab sofort einen B\u00e4cker (m\/w\/d), der uns in unserer Backstube an der \u00dcberruhrstra\u00dfe 365 tatkr\u00e4ftig unterst\u00fctzt.<\/p>\n\n\n\n<h4 class=\"wp-block-heading\">Wir bieten:<\/h4>\n\n\n\n<ul class=\"wp-block-list\">\n<li>5-Tage-Woche<\/li>\n\n\n\n<li>\u00dcbertarifliche Verg\u00fctung<\/li>\n\n\n\n<li>Unbefristeter Arbeitsvertrag<\/li>\n\n\n\n<li>Schichtbeginn 02:00 Uhr<\/li>\n\n\n\n<li>Mehr als 90 Jahre Erfahrung im B\u00e4ckerhandwerk<\/li>\n\n\n\n<li>Langj\u00e4hriges, eingespieltes Team<\/li>\n\n\n\n<li>Famili\u00e4re Arbeitsatmosph\u00e4re<\/li>\n<\/ul>\n\n\n\n<h4 class=\"wp-block-heading\">Sie bringen mit:<\/h4>\n\n\n\n<ul class=\"wp-block-list\">\n<li>Abgeschlossene Berufsausbildung zum B\u00e4cker oder Konditor<\/li>\n\n\n\n<li>Leidenschaft f\u00fcr das B\u00e4ckerhandwerk<\/li>\n\n\n\n<li>P\u00fcnktlichkeit<\/li>\n\n\n\n<li>Zuverl\u00e4ssigkeit<\/li>\n<\/ul>\n\n\n\n<h4 class=\"wp-block-heading\">Kontakt<\/h4>\n\n\n\n<p>Bei Interesse an einer Ausbildung zum B\u00e4cker\/Konditor (m\/w\/d) senden Sie uns Ihre aussagekr\u00e4ftigen Bewerbungsunterlagen per E-Mail an <a href=\"mailto:info@cafe-ruhrblick.ruhr\">info@cafe-ruhrblick.ruhr<\/a> oder kontaktieren Sie uns telefonisch unter 0173\/2315309.<\/p>\n\n\n\n<figure class=\"wp-block-image size-full\"><img loading=\"lazy\" decoding=\"async\" width=\"768\" height=\"513\" src=\"https:\/\/cafe-ruhrblick.ruhr\/wp-content\/uploads\/2019\/10\/unbenannte-Fotosession-6919.jpg\" alt=\"\" class=\"wp-image-124\" srcset=\"https:\/\/cafe-ruhrblick.ruhr\/wp-content\/uploads\/2019\/10\/unbenannte-Fotosession-6919.jpg 768w, https:\/\/cafe-ruhrblick.ruhr\/wp-content\/uploads\/2019\/10\/unbenannte-Fotosession-6919-300x200.jpg 300w\" sizes=\"auto, (max-width: 768px) 100vw, 768px\" \/><\/figure>\n\n\n\n<h3 class=\"wp-block-heading\">J\u00e4hrliche B\u00e4ckerlehre<\/h3>\n\n\n\n<p>Wir sind uns unserer Verantwortung f\u00fcr das B\u00e4ckerhandwerk und den beruflichen Nachwuchs bewusst. Daher bieten wir j\u00e4hrlich mindestens einen Ausbildungsplatz zum B\u00e4cker\/Konditor (m\/w\/d) an.<\/p>\n\n\n\n<h4 class=\"wp-block-heading\">Wir bieten:<\/h4>\n\n\n\n<ul class=\"wp-block-list\">\n<li>Ausbildungsbeginn 01.08. eines jeden Jahres<\/li>\n\n\n\n<li>\u00dcbertarifliche Verg\u00fctung<\/li>\n\n\n\n<li>Famili\u00e4re Arbeitsatmosph\u00e4re<\/li>\n\n\n\n<li>Mehr als 90 Jahre Erfahrung im B\u00e4ckerhandwerk<\/li>\n\n\n\n<li>Arbeitsbeginn in den Morgenstunden, nicht am Vorabend<\/li>\n<\/ul>\n\n\n\n<h4 class=\"wp-block-heading\">Sie bringen mit:<\/h4>\n\n\n\n<ul class=\"wp-block-list\">\n<li>Zuverl\u00e4ssigkeit<\/li>\n\n\n\n<li>P\u00fcnktlichkeit<\/li>\n\n\n\n<li>Freude am Handwerk<\/li>\n<\/ul>\n\n\n\n<h4 class=\"wp-block-heading\">Kontakt<\/h4>\n\n\n\n<p>Bei Interesse an einer Ausbildung zum B\u00e4cker\/Konditor (m\/w\/d) senden Sie uns Ihre aussagekr\u00e4ftigen Bewerbungsunterlagen per E-Mail an <a href=\"mailto:info@cafe-ruhrblick.ruhr\">info@cafe-ruhrblick.ruhr<\/a> oder kontaktieren Sie uns telefonisch unter 0173\/2315309.<\/p>\n","protected":false},"excerpt":{"rendered":"<div class=\"entry-summary\">\nAls inhabergef\u00fchrtes Unternehmen in dritter Generation f\u00fchlen wir uns den Werten der&hellip;\n<\/div>\n<div class=\"link-more\"><a href=\"https:\/\/cafe-ruhrblick.ruhr\/?page_id=362\" class=\"more-link\">Continue reading<span class=\"screen-reader-text\"> &ldquo;Jobs&rdquo;<\/span>&hellip;<\/a><\/div>\n","protected":false},"author":1,"featured_media":0,"parent":0,"menu_order":0,"comment_status":"closed","ping_status":"closed","template":"","meta":{"_monsterinsights_skip_tracking":false,"_monsterinsights_sitenote_active":false,"_monsterinsights_sitenote_note":"","_monsterinsights_sitenote_category":0,"footnotes":""},"class_list":["post-362","page","type-page","status-publish","hentry","entry"],"yoast_head":"<!-- This site is optimized with the Yoast SEO plugin v27.5 - https:\/\/yoast.com\/product\/yoast-seo-wordpress\/ -->\n<title>Jobs - Caf\u00e9 Ruhrblick<\/title>\n<meta name=\"robots\" content=\"index, follow, max-snippet:-1, max-image-preview:large, max-video-preview:-1\" \/>\n<link rel=\"canonical\" href=\"https:\/\/cafe-ruhrblick.ruhr\/?page_id=362\" \/>\n<meta property=\"og:locale\" content=\"de_DE\" \/>\n<meta property=\"og:type\" content=\"article\" \/>\n<meta property=\"og:title\" content=\"Jobs - Caf\u00e9 Ruhrblick\" \/>\n<meta property=\"og:description\" content=\"Als inhabergef\u00fchrtes Unternehmen in dritter Generation f\u00fchlen wir uns den Werten der&hellip; Continue reading &ldquo;Jobs&rdquo;&hellip;\" \/>\n<meta property=\"og:url\" content=\"https:\/\/cafe-ruhrblick.ruhr\/?page_id=362\" \/>\n<meta property=\"og:site_name\" content=\"Caf\u00e9 Ruhrblick\" \/>\n<meta property=\"og:image\" content=\"https:\/\/cafe-ruhrblick.ruhr\/wp-content\/uploads\/2019\/10\/unbenannte-Fotosession-6919.jpg\" \/>\n<meta name=\"twitter:card\" content=\"summary_large_image\" \/>\n<meta name=\"twitter:label1\" content=\"Gesch\u00e4tzte Lesezeit\" \/>\n\t<meta name=\"twitter:data1\" content=\"2\u00a0Minuten\" \/>\n<script type=\"application\/ld+json\" class=\"yoast-schema-graph\">{\"@context\":\"https:\\\/\\\/schema.org\",\"@graph\":[{\"@type\":\"WebPage\",\"@id\":\"https:\\\/\\\/cafe-ruhrblick.ruhr\\\/?page_id=362\",\"url\":\"https:\\\/\\\/cafe-ruhrblick.ruhr\\\/?page_id=362\",\"name\":\"Jobs - Caf\u00e9 Ruhrblick\",\"isPartOf\":{\"@id\":\"https:\\\/\\\/cafe-ruhrblick.ruhr\\\/#website\"},\"primaryImageOfPage\":{\"@id\":\"https:\\\/\\\/cafe-ruhrblick.ruhr\\\/?page_id=362#primaryimage\"},\"image\":{\"@id\":\"https:\\\/\\\/cafe-ruhrblick.ruhr\\\/?page_id=362#primaryimage\"},\"thumbnailUrl\":\"https:\\\/\\\/cafe-ruhrblick.ruhr\\\/wp-content\\\/uploads\\\/2019\\\/10\\\/unbenannte-Fotosession-6919.jpg\",\"datePublished\":\"2023-10-01T07:21:33+00:00\",\"breadcrumb\":{\"@id\":\"https:\\\/\\\/cafe-ruhrblick.ruhr\\\/?page_id=362#breadcrumb\"},\"inLanguage\":\"de\",\"potentialAction\":[{\"@type\":\"ReadAction\",\"target\":[\"https:\\\/\\\/cafe-ruhrblick.ruhr\\\/?page_id=362\"]}]},{\"@type\":\"ImageObject\",\"inLanguage\":\"de\",\"@id\":\"https:\\\/\\\/cafe-ruhrblick.ruhr\\\/?page_id=362#primaryimage\",\"url\":\"https:\\\/\\\/cafe-ruhrblick.ruhr\\\/wp-content\\\/uploads\\\/2019\\\/10\\\/unbenannte-Fotosession-6919.jpg\",\"contentUrl\":\"https:\\\/\\\/cafe-ruhrblick.ruhr\\\/wp-content\\\/uploads\\\/2019\\\/10\\\/unbenannte-Fotosession-6919.jpg\",\"width\":768,\"height\":513},{\"@type\":\"BreadcrumbList\",\"@id\":\"https:\\\/\\\/cafe-ruhrblick.ruhr\\\/?page_id=362#breadcrumb\",\"itemListElement\":[{\"@type\":\"ListItem\",\"position\":1,\"name\":\"Startseite\",\"item\":\"https:\\\/\\\/cafe-ruhrblick.ruhr\\\/\"},{\"@type\":\"ListItem\",\"position\":2,\"name\":\"Jobs\"}]},{\"@type\":\"WebSite\",\"@id\":\"https:\\\/\\\/cafe-ruhrblick.ruhr\\\/#website\",\"url\":\"https:\\\/\\\/cafe-ruhrblick.ruhr\\\/\",\"name\":\"Caf\u00e9 Ruhrblick\",\"description\":\"Genie\u00dfen mit guter Aussicht\",\"publisher\":{\"@id\":\"https:\\\/\\\/cafe-ruhrblick.ruhr\\\/#organization\"},\"potentialAction\":[{\"@type\":\"SearchAction\",\"target\":{\"@type\":\"EntryPoint\",\"urlTemplate\":\"https:\\\/\\\/cafe-ruhrblick.ruhr\\\/?s={search_term_string}\"},\"query-input\":{\"@type\":\"PropertyValueSpecification\",\"valueRequired\":true,\"valueName\":\"search_term_string\"}}],\"inLanguage\":\"de\"},{\"@type\":\"Organization\",\"@id\":\"https:\\\/\\\/cafe-ruhrblick.ruhr\\\/#organization\",\"name\":\"Caf\u00e9 Ruhrblick\",\"url\":\"https:\\\/\\\/cafe-ruhrblick.ruhr\\\/\",\"logo\":{\"@type\":\"ImageObject\",\"inLanguage\":\"de\",\"@id\":\"https:\\\/\\\/cafe-ruhrblick.ruhr\\\/#\\\/schema\\\/logo\\\/image\\\/\",\"url\":\"https:\\\/\\\/cafe-ruhrblick.ruhr\\\/wp-content\\\/uploads\\\/2019\\\/07\\\/cropped-branding.png\",\"contentUrl\":\"https:\\\/\\\/cafe-ruhrblick.ruhr\\\/wp-content\\\/uploads\\\/2019\\\/07\\\/cropped-branding.png\",\"width\":153,\"height\":97,\"caption\":\"Caf\u00e9 Ruhrblick\"},\"image\":{\"@id\":\"https:\\\/\\\/cafe-ruhrblick.ruhr\\\/#\\\/schema\\\/logo\\\/image\\\/\"}}]}<\/script>\n<!-- \/ Yoast SEO plugin. -->","yoast_head_json":{"title":"Jobs - Caf\u00e9 Ruhrblick","robots":{"index":"index","follow":"follow","max-snippet":"max-snippet:-1","max-image-preview":"max-image-preview:large","max-video-preview":"max-video-preview:-1"},"canonical":"https:\/\/cafe-ruhrblick.ruhr\/?page_id=362","og_locale":"de_DE","og_type":"article","og_title":"Jobs - Caf\u00e9 Ruhrblick","og_description":"Als inhabergef\u00fchrtes Unternehmen in dritter Generation f\u00fchlen wir uns den Werten der&hellip; Continue reading &ldquo;Jobs&rdquo;&hellip;","og_url":"https:\/\/cafe-ruhrblick.ruhr\/?page_id=362","og_site_name":"Caf\u00e9 Ruhrblick","og_image":[{"url":"https:\/\/cafe-ruhrblick.ruhr\/wp-content\/uploads\/2019\/10\/unbenannte-Fotosession-6919.jpg","type":"","width":"","height":""}],"twitter_card":"summary_large_image","twitter_misc":{"Gesch\u00e4tzte Lesezeit":"2\u00a0Minuten"},"schema":{"@context":"https:\/\/schema.org","@graph":[{"@type":"WebPage","@id":"https:\/\/cafe-ruhrblick.ruhr\/?page_id=362","url":"https:\/\/cafe-ruhrblick.ruhr\/?page_id=362","name":"Jobs - Caf\u00e9 Ruhrblick","isPartOf":{"@id":"https:\/\/cafe-ruhrblick.ruhr\/#website"},"primaryImageOfPage":{"@id":"https:\/\/cafe-ruhrblick.ruhr\/?page_id=362#primaryimage"},"image":{"@id":"https:\/\/cafe-ruhrblick.ruhr\/?page_id=362#primaryimage"},"thumbnailUrl":"https:\/\/cafe-ruhrblick.ruhr\/wp-content\/uploads\/2019\/10\/unbenannte-Fotosession-6919.jpg","datePublished":"2023-10-01T07:21:33+00:00","breadcrumb":{"@id":"https:\/\/cafe-ruhrblick.ruhr\/?page_id=362#breadcrumb"},"inLanguage":"de","potentialAction":[{"@type":"ReadAction","target":["https:\/\/cafe-ruhrblick.ruhr\/?page_id=362"]}]},{"@type":"ImageObject","inLanguage":"de","@id":"https:\/\/cafe-ruhrblick.ruhr\/?page_id=362#primaryimage","url":"https:\/\/cafe-ruhrblick.ruhr\/wp-content\/uploads\/2019\/10\/unbenannte-Fotosession-6919.jpg","contentUrl":"https:\/\/cafe-ruhrblick.ruhr\/wp-content\/uploads\/2019\/10\/unbenannte-Fotosession-6919.jpg","width":768,"height":513},{"@type":"BreadcrumbList","@id":"https:\/\/cafe-ruhrblick.ruhr\/?page_id=362#breadcrumb","itemListElement":[{"@type":"ListItem","position":1,"name":"Startseite","item":"https:\/\/cafe-ruhrblick.ruhr\/"},{"@type":"ListItem","position":2,"name":"Jobs"}]},{"@type":"WebSite","@id":"https:\/\/cafe-ruhrblick.ruhr\/#website","url":"https:\/\/cafe-ruhrblick.ruhr\/","name":"Caf\u00e9 Ruhrblick","description":"Genie\u00dfen mit guter Aussicht","publisher":{"@id":"https:\/\/cafe-ruhrblick.ruhr\/#organization"},"potentialAction":[{"@type":"SearchAction","target":{"@type":"EntryPoint","urlTemplate":"https:\/\/cafe-ruhrblick.ruhr\/?s={search_term_string}"},"query-input":{"@type":"PropertyValueSpecification","valueRequired":true,"valueName":"search_term_string"}}],"inLanguage":"de"},{"@type":"Organization","@id":"https:\/\/cafe-ruhrblick.ruhr\/#organization","name":"Caf\u00e9 Ruhrblick","url":"https:\/\/cafe-ruhrblick.ruhr\/","logo":{"@type":"ImageObject","inLanguage":"de","@id":"https:\/\/cafe-ruhrblick.ruhr\/#\/schema\/logo\/image\/","url":"https:\/\/cafe-ruhrblick.ruhr\/wp-content\/uploads\/2019\/07\/cropped-branding.png","contentUrl":"https:\/\/cafe-ruhrblick.ruhr\/wp-content\/uploads\/2019\/07\/cropped-branding.png","width":153,"height":97,"caption":"Caf\u00e9 Ruhrblick"},"image":{"@id":"https:\/\/cafe-ruhrblick.ruhr\/#\/schema\/logo\/image\/"}}]}},"_links":{"self":[{"href":"https:\/\/cafe-ruhrblick.ruhr\/index.php?rest_route=\/wp\/v2\/pages\/362","targetHints":{"allow":["GET"]}}],"collection":[{"href":"https:\/\/cafe-ruhrblick.ruhr\/index.php?rest_route=\/wp\/v2\/pages"}],"about":[{"href":"https:\/\/cafe-ruhrblick.ruhr\/index.php?rest_route=\/wp\/v2\/types\/page"}],"author":[{"embeddable":true,"href":"https:\/\/cafe-ruhrblick.ruhr\/index.php?rest_route=\/wp\/v2\/users\/1"}],"replies":[{"embeddable":true,"href":"https:\/\/cafe-ruhrblick.ruhr\/index.php?rest_route=%2Fwp%2Fv2%2Fcomments&post=362"}],"version-history":[{"count":2,"href":"https:\/\/cafe-ruhrblick.ruhr\/index.php?rest_route=\/wp\/v2\/pages\/362\/revisions"}],"predecessor-version":[{"id":364,"href":"https:\/\/cafe-ruhrblick.ruhr\/index.php?rest_route=\/wp\/v2\/pages\/362\/revisions\/364"}],"wp:attachment":[{"href":"https:\/\/cafe-ruhrblick.ruhr\/index.php?rest_route=%2Fwp%2Fv2%2Fmedia&parent=362"}],"curies":[{"name":"wp","href":"https:\/\/api.w.org\/{rel}","templated":true}]}}