{"id":136,"date":"2019-10-28T09:22:01","date_gmt":"2019-10-28T09:22:01","guid":{"rendered":"http:\/\/cafe-ruhrblick.ruhr\/?page_id=136"},"modified":"2019-10-28T09:22:01","modified_gmt":"2019-10-28T09:22:01","slug":"datenschutzerklaerung","status":"publish","type":"page","link":"https:\/\/cafe-ruhrblick.ruhr\/?page_id=136","title":{"rendered":"Datenschutzerkl\u00e4rung"},"content":{"rendered":"<p><br>\n<!--StartFragment--><\/p>\n\n\n<h1 class=\"wp-block-heading\">1. Datenschutz auf einen Blick<\/h1>\n\n\n\n<h2 class=\"wp-block-heading\">Allgemeine Hinweise<\/h2>\n\n\n\n<p>\nDie folgenden Hinweise geben einen einfachen \u00dcberblick dar\u00fcber, was mit \nIhren personenbezogenen Daten passiert, wenn Sie unsere Website \nbesuchen. Personenbezogene Daten sind alle Daten, mit denen Sie \npers\u00f6nlich identifiziert werden k\u00f6nnen. Ausf\u00fchrliche Informationen zum \nThema Datenschutz entnehmen Sie unserer unter diesem Text aufgef\u00fchrten \nDatenschutzerkl\u00e4rung.\n<\/p>\n\n\n\n<h2 class=\"wp-block-heading\">Datenerfassung auf unserer Website<\/h2>\n\n\n\n<h3 class=\"wp-block-heading\">Wer ist verantwortlich f\u00fcr die Datenerfassung auf dieser Website?<\/h3>\n\n\n\n<p>\nDie Datenverarbeitung auf dieser Website erfolgt durch den \nWebsitebetreiber. Dessen Kontaktdaten k\u00f6nnen Sie dem Impressum dieser \nWebsite entnehmen.\n<\/p>\n\n\n\n<h3 class=\"wp-block-heading\">Wie erfassen wir Ihre Daten?<\/h3>\n\n\n\n<p>\nIhre Daten werden zum einen dadurch erhoben, dass Sie uns diese \nmitteilen. Hierbei kann es sich z.B. um Daten handeln, die Sie in ein \nKontaktformular eingeben. Andere Daten werden automatisch beim Besuch \nder Website durch unsere IT-Systeme erfasst. Das sind vor allem \ntechnische Daten (z.B. Internetbrowser, Betriebssystem oder Uhrzeit des \nSeitenaufrufs). Die Erfassung dieser Daten erfolgt automatisch, sobald \nSie unsere Website betreten.\n<\/p>\n\n\n\n<h3 class=\"wp-block-heading\">Wof\u00fcr nutzen wir Ihre Daten?<\/h3>\n\n\n\n<p>\nEin Teil der Daten wird erhoben, um eine fehlerfreie Bereitstellung der \nWebsite zu gew\u00e4hrleisten. Andere Daten k\u00f6nnen zur Analyse Ihres \nNutzerverhaltens verwendet werden.\n<\/p>\n\n\n\n<h3 class=\"wp-block-heading\">Welche Rechte haben Sie bez\u00fcglich Ihrer Daten?<\/h3>\n\n\n\n<p>\nSie haben jederzeit das Recht unentgeltlich Auskunft \u00fcber Herkunft, \nEmpf\u00e4nger und Zweck Ihrer gespeicherten personenbezogenen Daten zu \nerhalten. Sie haben au\u00dferdem ein Recht, die Berichtigung, Sperrung oder \nL\u00f6schung dieser Daten zu verlangen. Hierzu sowie zu weiteren Fragen zum \nThema Datenschutz k\u00f6nnen Sie sich jederzeit unter der im Impressum \nangegebenen Adresse an uns wenden. Des Weiteren steht Ihnen ein \nBeschwerderecht bei der zust\u00e4ndigen Aufsichtsbeh\u00f6rde zu.\n\nAnalyse-Tools und Tools von Drittanbietern\n\nBeim Besuch unserer Website kann Ihr Surf-Verhalten statistisch \nausgewertet werden. Das geschieht vor allem mit Cookies und mit \nsogenannten Analyseprogrammen. Die Analyse Ihres Surf-Verhaltens erfolgt\n in der Regel anonym; das Surf-Verhalten kann nicht zu Ihnen \nzur\u00fcckverfolgt werden. Sie k\u00f6nnen dieser Analyse widersprechen oder sie \ndurch die Nichtbenutzung bestimmter Tools verhindern. Details hierzu \nentnehmen Sie unserer Datenschutzerkl\u00e4rung unter der \u00dcberschrift \n\u201cDrittmodule und Analysetools\u201d. Sie k\u00f6nnen dieser Analyse widersprechen.\n \u00dcber die Widerspruchsm\u00f6glichkeiten werden wir Sie in dieser \nDatenschutzerkl\u00e4rung informiert.\n<\/p>\n\n\n\n<h2 class=\"wp-block-heading\">2. Allgemeine Hinweise und Pflichtinformationen<\/h2>\n\n\n\n<h3 class=\"wp-block-heading\">Datenschutz<\/h3>\n\n\n\n<p>\nDie Betreiber dieser Seiten nehmen den Schutz Ihrer pers\u00f6nlichen Daten \nsehr ernst. Wir behandeln Ihre personenbezogenen Daten vertraulich und \nentsprechend der gesetzlichen Datenschutzvorschriften sowie dieser \nDatenschutzerkl\u00e4rung. Wenn Sie diese Website benutzen, werden \nverschiedene personenbezogene Daten erhoben. Personenbezogene Daten sind\n Daten, mit denen Sie pers\u00f6nlich identifiziert werden k\u00f6nnen. Die \nvorliegende Datenschutzerkl\u00e4rung erl\u00e4utert, welche Daten wir erheben und\n wof\u00fcr wir sie nutzen. Sie erl\u00e4utert auch, wie und zu welchem Zweck das \ngeschieht. Wir weisen darauf hin, dass die Daten\u00fcbertragung im Internet \n(z.B. bei der Kommunikation per E-Mail) Sicherheitsl\u00fccken aufweisen \nkann. Ein l\u00fcckenloser Schutz der Daten vor dem Zugriff durch Dritte ist \nnicht m\u00f6glich.\n<\/p>\n\n\n\n<h3 class=\"wp-block-heading\">Beschwerderecht bei der zust\u00e4ndigen Aufsichtsbeh\u00f6rde<\/h3>\n\n\n\n<p>\nIm Falle datenschutzrechtlicher Verst\u00f6\u00dfe steht dem Betroffenen ein \nBeschwerderecht bei der zust\u00e4ndigen Aufsichtsbeh\u00f6rde zu. Zust\u00e4ndige \nAufsichtsbeh\u00f6rde in datenschutzrechtlichen Fragen ist der \nLandesdatenschutzbeauftragte des Bundeslandes, in dem unser Unternehmen \nseinen Sitz hat. Eine Liste der Datenschutzbeauftragten sowie deren \nKontaktdaten k\u00f6nnen folgendem Link entnommen werden: \nhttps:\/\/www.bfdi.bund.de\/DE\/Infothek\/\u00adAnschriften_Links\/anschriften_links-node.html.\n<\/p>\n\n\n\n<h3 class=\"wp-block-heading\">Recht auf \u00dcbertragbarkeit der Daten<\/h3>\n\n\n\n<p>\nSie haben das Recht, Daten, die wir auf Grundlage Ihrer Einwilligung \noder in Erf\u00fcllung eines Vertrags automatisiert verarbeiten, an sich oder\n an einen Dritten in einem g\u00e4ngigen, maschinenlesbaren Format \naush\u00e4ndigen zu lassen. Sofern Sie die direkte \u00dcbertragung der Daten an \neinen anderen Verantwortlichen verlangen, erfolgt dies nur, soweit es \ntechnisch machbar ist.\n<\/p>\n\n\n\n<h3 class=\"wp-block-heading\">Auskunft, Sperrung, L\u00f6schung<\/h3>\n\n\n\n<p>\nSie haben im Rahmen der geltenden gesetzlichen Bestimmungen jederzeit \ndas Recht auf unentgeltliche Auskunft \u00fcber Ihre gespeicherten \npersonenbezogenen Daten, deren Herkunft und Empf\u00e4nger und den Zweck der \nDatenverarbeitung und ggf. ein Recht auf Berichtigung, Sperrung oder \nL\u00f6schung dieser Daten. Hierzu sowie zu weiteren Fragen zum Thema \npersonenbezogene Daten k\u00f6nnen Sie sich jederzeit unter der im Impressum \nangegebenen Adresse an uns wenden.\n<\/p>\n\n\n\n<h2 class=\"wp-block-heading\">3. Datenerfassung auf unserer Website<\/h2>\n\n\n\n<h3 class=\"wp-block-heading\">Cookies<\/h3>\n\n\n\n<p>\nDie Internetseiten verwenden teilweise so genannte Cookies. Cookies \nrichten auf Ihrem Rechner keinen Schaden an und enthalten keine Viren. \nCookies dienen dazu, unser Angebot nutzerfreundlicher, effektiver und \nsicherer zu machen. Cookies sind kleine Textdateien, die auf Ihrem \nRechner abgelegt werden und die Ihr Browser speichert. Die meisten der \nvon uns verwendeten Cookies sind so genannte \u201cSession-Cookies\u201d. Sie \nwerden nach Ende Ihres Besuchs automatisch gel\u00f6scht. Andere Cookies \nbleiben auf Ihrem Endger\u00e4t gespeichert bis Sie diese l\u00f6schen. Diese \nCookies erm\u00f6glichen es uns, Ihren Browser beim n\u00e4chsten Besuch \nwiederzuerkennen. Sie k\u00f6nnen Ihren Browser so einstellen, dass Sie \u00fcber \ndas Setzen von Cookies informiert werden und Cookies nur im Einzelfall \nerlauben, die Annahme von Cookies f\u00fcr bestimmte F\u00e4lle oder generell \nausschlie\u00dfen sowie das automatische L\u00f6schen der Cookies beim Schlie\u00dfen \ndes Browser aktivieren. Bei der Deaktivierung von Cookies kann die \nFunktionalit\u00e4t dieser Website eingeschr\u00e4nkt sein.\n\nCookies, die zur Durchf\u00fchrung des elektronischen Kommunikationsvorgangs \noder zur Bereitstellung bestimmter, von Ihnen erw\u00fcnschter Funktionen \n(z.B. Warenkorbfunktion) erforderlich sind, werden auf Grundlage von \nArt. 6 Abs. 1 lit. f DSGVO gespeichert. Der Websitebetreiber hat ein \nberechtigtes Interesse an der Speicherung von Cookies zur technisch \nfehlerfreien und optimierten Bereitstellung seiner Dienste. Soweit \nandere Cookies (z.B. Cookies zur Analyse Ihres Surfverhaltens) \ngespeichert werden, werden diese in dieser Datenschutzerkl\u00e4rung \ngesondert behandelt.\n<\/p>\n\n\n\n<h3 class=\"wp-block-heading\">Server-Log-Dateien<\/h3>\n\n\n\n<p>\nDer Provider der Seiten erhebt und speichert automatisch Informationen \nin so genannten Server-Log-Dateien, die Ihr Browser automatisch an uns \n\u00fcbermittelt. Dies sind:\n\nBrowsertyp und Browserversion\nverwendetes Betriebssystem\nReferrer URL\nHostname des zugreifenden Rechners\nUhrzeit der Serveranfrage\nIP-Adresse\n\nEine Zusammenf\u00fchrung dieser Daten mit anderen Datenquellen wird nicht \nvorgenommen. Grundlage f\u00fcr die Datenverarbeitung ist Art. 6 Abs. 1 lit. b\n DSGVO, der die Verarbeitung von Daten zur Erf\u00fcllung eines Vertrags oder\n vorvertraglicher Ma\u00dfnahmen gestattet.\n<\/p>\n\n\n\n<h2 class=\"wp-block-heading\">4. Plugins und Tools<\/h2>\n\n\n\n<h3 class=\"wp-block-heading\">Google Web Fonts<\/h3>\n\n\n\n<p>\nDiese Seite nutzt zur einheitlichen Darstellung von Schriftarten so \ngenannte Web Fonts, die von Google bereitgestellt werden. Beim Aufruf \neiner Seite l\u00e4dt Ihr Browser die ben\u00f6tigten Web Fonts in ihren \nBrowsercache, um Texte und Schriftarten korrekt anzuzeigen. Zu diesem \nZweck muss der von Ihnen verwendete Browser Verbindung zu den Servern \nvon Google aufnehmen. Hierdurch erlangt Google Kenntnis dar\u00fcber, dass \n\u00fcber Ihre IP-Adresse unsere Website aufgerufen wurde. Die Nutzung von \nGoogle Web Fonts erfolgt im Interesse einer einheitlichen und \nansprechenden Darstellung unserer Online-Angebote. Dies stellt ein \nberechtigtes Interesse im Sinne von Art. 6 Abs. 1 lit. f DSGVO dar.\n\nWenn Ihr Browser Web Fonts nicht unterst\u00fctzt, wird eine Standardschrift \nvon Ihrem Computer genutzt.\n\nWeitere Informationen zu Google Web Fonts finden Sie unter \nhttps:\/\/developers.google.com\/fonts\/faq und in der Datenschutzerkl\u00e4rung \nvon Google: https:\/\/www.google.com\/policies\/privacy\/.\n<\/p>\n\n\n\n<h3 class=\"wp-block-heading\">Google Maps<\/h3>\n\n\n\n<p>\nDiese Seite nutzt \u00fcber eine API den Kartendienst Google Maps. Anbieter \nist die Google Inc., 1600 Amphitheatre Parkway, Mountain View, CA 94043,\n USA. Zur Nutzung der Funktionen von Google Maps ist es notwendig, Ihre \nIP Adresse zu speichern. Diese Informationen werden in der Regel an \neinen Server von Google in den USA \u00fcbertragen und dort gespeichert. Der \nAnbieter dieser Seite hat keinen Einfluss auf diese Daten\u00fcbertragung.\n\nDie Nutzung von Google Maps erfolgt im Interesse einer ansprechenden \nDarstellung unserer Online-Angebote und an einer leichten Auffindbarkeit\n der von uns auf der Website angegebenen Orte. Dies stellt ein \nberechtigtes Interesse im Sinne von Art. 6 Abs. 1 lit. f DSGVO dar. Mehr\n Informationen zum Umgang mit Nutzerdaten finden Sie in der \nDatenschutzerkl\u00e4rung von Google: \nhttps:\/\/www.google.de\/intl\/de\/policies\/privacy\/.\n\u00d6ffnungszeiten\n<\/p>\n\n\n\n<h3 class=\"wp-block-heading\">Google Analytics<\/h3>\n\n\n\n<p> Soweit Sie Ihre Einwilligung erkl\u00e4rt haben, wird auf dieser Website  Google Analytics eingesetzt, ein Webanalysedienst der Google Inc.  (\u201eGoogle\u201c). Die Nutzung umfasst die Betriebsart \u201eUniversal Analytics\u201c.  Hierdurch ist es m\u00f6glich, Daten, Sitzungen und Interaktionen \u00fcber  mehrere Ger\u00e4te hinweg einer pseudonymen User-ID zuzuordnen und so die  Aktivit\u00e4ten eines Nutzers ger\u00e4te\u00fcbergreifend zu analysieren. Dieser  Datenschutzhinweis wird zur Verf\u00fcgung gestellt von <a style=\"color: black;\" rel=\"noreferrer noopener\" href=\"https:\/\/www.intersoft-consulting.de\" target=\"_blank\">www.intersoft-consulting.de<\/a>. Google Analytics verwendet sog. \u201eCookies\u201c, Textdateien, die auf Ihrem  Computer gespeichert werden und die eine Analyse der Benutzung der  Website durch Sie erm\u00f6glichen. Die durch das Cookie erzeugten  Informationen \u00fcber Ihre Benutzung dieser Website werden in der Regel an  einen Server von Google in den USA \u00fcbertragen und dort gespeichert. Im  Falle der Aktivierung der IP-Anonymisierung auf dieser Website, wird  Ihre IP-Adresse von Google jedoch innerhalb von Mitgliedstaaten der  Europ\u00e4ischen Union oder in anderen Vertragsstaaten des Abkommens \u00fcber  den Europ\u00e4ischen Wirtschaftsraum zuvor gek\u00fcrzt. Nur in Ausnahmef\u00e4llen  wird die volle IP-Adresse an einen Server von Google in den USA  \u00fcbertragen und dort gek\u00fcrzt. Wir weisen Sie darauf hin, dass auf dieser  Webseite Google Analytics um eine IP-Anonymisierung erweitert wurde, um  eine anonymisierte Erfassung von IP-Adressen (sog. IP-Masking) zu  gew\u00e4hrleisten. Die im Rahmen von Google Analytics von Ihrem Browser  \u00fcbermittelte IP-Adresse wird nicht mit anderen Daten von Google  zusammengef\u00fchrt. N\u00e4here Informationen zu Nutzungsbedingungen und  Datenschutz finden Sie unter <a style=\"color: black;\" rel=\"noreferrer noopener\" href=\"https:\/\/www.google.com\/analytics\/terms\/de.html\" target=\"_blank\">https:\/\/www.google.com\/analytics\/terms\/de.html<\/a> bzw. unter <a style=\"color: black;\" rel=\"noreferrer noopener\" href=\"https:\/\/policies.google.com\/?hl=de\" target=\"_blank\">https:\/\/policies.google.com\/?hl=de<\/a>. <strong>Zwecke der Verarbeitung<\/strong> Im Auftrag des Betreibers dieser Website wird Google diese Informationen  benutzen, um Ihre Nutzung der Website auszuwerten, um Reports \u00fcber die  Websiteaktivit\u00e4ten zusammenzustellen und um weitere mit der  Websitenutzung und der Internetnutzung verbundene Dienstleistungen  gegen\u00fcber dem Websitebetreiber zu erbringen. <strong>Rechtsgrundlage<\/strong> Die Rechtsgrundlage f\u00fcr den Einsatz von Google Analytics ist Ihre Einwilligung gem\u00e4\u00df <a style=\"color: black;\" rel=\"noreferrer noopener\" href=\"https:\/\/dsgvo-gesetz.de\/art-6-dsgvo\/\" target=\"_blank\">Art. 6 Abs. 1 S.1 lit. a DSGVO<\/a>. <strong>Empf\u00e4nger \/ Kategorien von Empf\u00e4ngern<\/strong> Der Empf\u00e4nger der erhobenen Daten ist Google. <strong>\u00dcbermittlung in Drittstaaten<\/strong> Die personenbezogenen Daten werden unter dem EU-US Privacy Shield auf  Grundlage des Angemessenheitsbeschlusses der Europ\u00e4ischen Kommission in  die USA \u00fcbermittelt. Das Zertifikat k\u00f6nnen Sie <a style=\"color: black;\" rel=\"noreferrer noopener\" href=\"https:\/\/www.privacyshield.gov\/participant?id=a2zt000000001L5AAI\" target=\"_blank\">hier<\/a> abrufen. <strong>Dauer der Datenspeicherung<\/strong> Die von uns gesendeten und mit Cookies, Nutzerkennungen (z. B. User-ID)  oder Werbe-IDs verkn\u00fcpften Daten werden nach 14 Monaten automatisch  gel\u00f6scht. Die L\u00f6schung von Daten, deren Aufbewahrungsdauer erreicht ist,  erfolgt automatisch einmal im Monat. <strong>Betroffenenrechte<\/strong> Sie k\u00f6nnen Ihre Einwilligung jederzeit mit Wirkung f\u00fcr die Zukunft  widerrufen, indem Sie die Speicherung der Cookies durch eine  entsprechende Einstellung Ihrer Browser-Software verhindern; wir weisen  Sie jedoch darauf hin, dass Sie in diesem Fall gegebenenfalls nicht  s\u00e4mtliche Funktionen dieser Website vollumf\u00e4nglich werden nutzen k\u00f6nnen. Sie k\u00f6nnen dar\u00fcber hinaus die Erfassung der durch das Cookie erzeugten  und auf Ihre Nutzung der Website bezogenen Daten (inkl. Ihrer  IP-Adresse) an Google sowie die Verarbeitung dieser Daten durch Google  verhindern, indem Sie das <a style=\"color: black;\" rel=\"noreferrer noopener\" href=\"https:\/\/tools.google.com\/dlpage\/gaoptout?hl=de\" target=\"_blank\">Browser-Add-on<\/a>  herunterladen und installieren. Opt-Out-Cookies verhindern die  zuk\u00fcnftige Erfassung Ihrer Daten beim Besuch dieser Website. Um die  Erfassung durch Universal Analytics \u00fcber verschiedene Ger\u00e4te hinweg zu  verhindern, m\u00fcssen Sie das Opt-Out auf allen genutzten Systemen  durchf\u00fchren. Wenn Sie hier klicken, wird das Opt-Out-Cookie gesetzt: <a style=\"color: black;\"><strong>Google Analytics deaktivieren<\/strong><\/a> <\/p>\n\n\n\n<p>Stefan Gr\u00e4ler<br>\n\u00dcberruhrstra\u00dfe 465<br>\n45277 Essen<br>\n<\/p>\n\n\n<p><!--EndFragment--><br \/><br \/><\/p>","protected":false},"excerpt":{"rendered":"<div class=\"entry-summary\">\n1. Datenschutz auf einen Blick Allgemeine Hinweise Die folgenden Hinweise geben einen&hellip;\n<\/div>\n<div class=\"link-more\"><a href=\"https:\/\/cafe-ruhrblick.ruhr\/?page_id=136\" class=\"more-link\">Continue reading<span class=\"screen-reader-text\"> &ldquo;Datenschutzerkl\u00e4rung&rdquo;<\/span>&hellip;<\/a><\/div>\n","protected":false},"author":1,"featured_media":0,"parent":0,"menu_order":0,"comment_status":"closed","ping_status":"closed","template":"","meta":{"_monsterinsights_skip_tracking":false,"_monsterinsights_sitenote_active":false,"_monsterinsights_sitenote_note":"","_monsterinsights_sitenote_category":0,"footnotes":""},"class_list":["post-136","page","type-page","status-publish","hentry","entry"],"yoast_head":"<!-- This site is optimized with the Yoast SEO plugin v27.5 - https:\/\/yoast.com\/product\/yoast-seo-wordpress\/ -->\n<title>Datenschutzerkl\u00e4rung - Caf\u00e9 Ruhrblick<\/title>\n<meta name=\"robots\" content=\"index, follow, max-snippet:-1, max-image-preview:large, max-video-preview:-1\" \/>\n<link rel=\"canonical\" href=\"https:\/\/cafe-ruhrblick.ruhr\/?page_id=136\" \/>\n<meta property=\"og:locale\" content=\"de_DE\" \/>\n<meta property=\"og:type\" content=\"article\" \/>\n<meta property=\"og:title\" content=\"Datenschutzerkl\u00e4rung - Caf\u00e9 Ruhrblick\" \/>\n<meta property=\"og:description\" content=\"1. Datenschutz auf einen Blick Allgemeine Hinweise Die folgenden Hinweise geben einen&hellip; Continue reading &ldquo;Datenschutzerkl\u00e4rung&rdquo;&hellip;\" \/>\n<meta property=\"og:url\" content=\"https:\/\/cafe-ruhrblick.ruhr\/?page_id=136\" \/>\n<meta property=\"og:site_name\" content=\"Caf\u00e9 Ruhrblick\" \/>\n<meta name=\"twitter:card\" content=\"summary_large_image\" \/>\n<meta name=\"twitter:label1\" content=\"Gesch\u00e4tzte Lesezeit\" \/>\n\t<meta name=\"twitter:data1\" content=\"9\u00a0Minuten\" \/>\n<script type=\"application\/ld+json\" class=\"yoast-schema-graph\">{\"@context\":\"https:\\\/\\\/schema.org\",\"@graph\":[{\"@type\":\"WebPage\",\"@id\":\"https:\\\/\\\/cafe-ruhrblick.ruhr\\\/?page_id=136\",\"url\":\"https:\\\/\\\/cafe-ruhrblick.ruhr\\\/?page_id=136\",\"name\":\"Datenschutzerkl\u00e4rung - Caf\u00e9 Ruhrblick\",\"isPartOf\":{\"@id\":\"https:\\\/\\\/cafe-ruhrblick.ruhr\\\/#website\"},\"datePublished\":\"2019-10-28T09:22:01+00:00\",\"breadcrumb\":{\"@id\":\"https:\\\/\\\/cafe-ruhrblick.ruhr\\\/?page_id=136#breadcrumb\"},\"inLanguage\":\"de\",\"potentialAction\":[{\"@type\":\"ReadAction\",\"target\":[\"https:\\\/\\\/cafe-ruhrblick.ruhr\\\/?page_id=136\"]}]},{\"@type\":\"BreadcrumbList\",\"@id\":\"https:\\\/\\\/cafe-ruhrblick.ruhr\\\/?page_id=136#breadcrumb\",\"itemListElement\":[{\"@type\":\"ListItem\",\"position\":1,\"name\":\"Startseite\",\"item\":\"https:\\\/\\\/cafe-ruhrblick.ruhr\\\/\"},{\"@type\":\"ListItem\",\"position\":2,\"name\":\"Datenschutzerkl\u00e4rung\"}]},{\"@type\":\"WebSite\",\"@id\":\"https:\\\/\\\/cafe-ruhrblick.ruhr\\\/#website\",\"url\":\"https:\\\/\\\/cafe-ruhrblick.ruhr\\\/\",\"name\":\"Caf\u00e9 Ruhrblick\",\"description\":\"Genie\u00dfen mit guter Aussicht\",\"publisher\":{\"@id\":\"https:\\\/\\\/cafe-ruhrblick.ruhr\\\/#organization\"},\"potentialAction\":[{\"@type\":\"SearchAction\",\"target\":{\"@type\":\"EntryPoint\",\"urlTemplate\":\"https:\\\/\\\/cafe-ruhrblick.ruhr\\\/?s={search_term_string}\"},\"query-input\":{\"@type\":\"PropertyValueSpecification\",\"valueRequired\":true,\"valueName\":\"search_term_string\"}}],\"inLanguage\":\"de\"},{\"@type\":\"Organization\",\"@id\":\"https:\\\/\\\/cafe-ruhrblick.ruhr\\\/#organization\",\"name\":\"Caf\u00e9 Ruhrblick\",\"url\":\"https:\\\/\\\/cafe-ruhrblick.ruhr\\\/\",\"logo\":{\"@type\":\"ImageObject\",\"inLanguage\":\"de\",\"@id\":\"https:\\\/\\\/cafe-ruhrblick.ruhr\\\/#\\\/schema\\\/logo\\\/image\\\/\",\"url\":\"https:\\\/\\\/cafe-ruhrblick.ruhr\\\/wp-content\\\/uploads\\\/2019\\\/07\\\/cropped-branding.png\",\"contentUrl\":\"https:\\\/\\\/cafe-ruhrblick.ruhr\\\/wp-content\\\/uploads\\\/2019\\\/07\\\/cropped-branding.png\",\"width\":153,\"height\":97,\"caption\":\"Caf\u00e9 Ruhrblick\"},\"image\":{\"@id\":\"https:\\\/\\\/cafe-ruhrblick.ruhr\\\/#\\\/schema\\\/logo\\\/image\\\/\"}}]}<\/script>\n<!-- \/ Yoast SEO plugin. -->","yoast_head_json":{"title":"Datenschutzerkl\u00e4rung - Caf\u00e9 Ruhrblick","robots":{"index":"index","follow":"follow","max-snippet":"max-snippet:-1","max-image-preview":"max-image-preview:large","max-video-preview":"max-video-preview:-1"},"canonical":"https:\/\/cafe-ruhrblick.ruhr\/?page_id=136","og_locale":"de_DE","og_type":"article","og_title":"Datenschutzerkl\u00e4rung - Caf\u00e9 Ruhrblick","og_description":"1. Datenschutz auf einen Blick Allgemeine Hinweise Die folgenden Hinweise geben einen&hellip; Continue reading &ldquo;Datenschutzerkl\u00e4rung&rdquo;&hellip;","og_url":"https:\/\/cafe-ruhrblick.ruhr\/?page_id=136","og_site_name":"Caf\u00e9 Ruhrblick","twitter_card":"summary_large_image","twitter_misc":{"Gesch\u00e4tzte Lesezeit":"9\u00a0Minuten"},"schema":{"@context":"https:\/\/schema.org","@graph":[{"@type":"WebPage","@id":"https:\/\/cafe-ruhrblick.ruhr\/?page_id=136","url":"https:\/\/cafe-ruhrblick.ruhr\/?page_id=136","name":"Datenschutzerkl\u00e4rung - Caf\u00e9 Ruhrblick","isPartOf":{"@id":"https:\/\/cafe-ruhrblick.ruhr\/#website"},"datePublished":"2019-10-28T09:22:01+00:00","breadcrumb":{"@id":"https:\/\/cafe-ruhrblick.ruhr\/?page_id=136#breadcrumb"},"inLanguage":"de","potentialAction":[{"@type":"ReadAction","target":["https:\/\/cafe-ruhrblick.ruhr\/?page_id=136"]}]},{"@type":"BreadcrumbList","@id":"https:\/\/cafe-ruhrblick.ruhr\/?page_id=136#breadcrumb","itemListElement":[{"@type":"ListItem","position":1,"name":"Startseite","item":"https:\/\/cafe-ruhrblick.ruhr\/"},{"@type":"ListItem","position":2,"name":"Datenschutzerkl\u00e4rung"}]},{"@type":"WebSite","@id":"https:\/\/cafe-ruhrblick.ruhr\/#website","url":"https:\/\/cafe-ruhrblick.ruhr\/","name":"Caf\u00e9 Ruhrblick","description":"Genie\u00dfen mit guter Aussicht","publisher":{"@id":"https:\/\/cafe-ruhrblick.ruhr\/#organization"},"potentialAction":[{"@type":"SearchAction","target":{"@type":"EntryPoint","urlTemplate":"https:\/\/cafe-ruhrblick.ruhr\/?s={search_term_string}"},"query-input":{"@type":"PropertyValueSpecification","valueRequired":true,"valueName":"search_term_string"}}],"inLanguage":"de"},{"@type":"Organization","@id":"https:\/\/cafe-ruhrblick.ruhr\/#organization","name":"Caf\u00e9 Ruhrblick","url":"https:\/\/cafe-ruhrblick.ruhr\/","logo":{"@type":"ImageObject","inLanguage":"de","@id":"https:\/\/cafe-ruhrblick.ruhr\/#\/schema\/logo\/image\/","url":"https:\/\/cafe-ruhrblick.ruhr\/wp-content\/uploads\/2019\/07\/cropped-branding.png","contentUrl":"https:\/\/cafe-ruhrblick.ruhr\/wp-content\/uploads\/2019\/07\/cropped-branding.png","width":153,"height":97,"caption":"Caf\u00e9 Ruhrblick"},"image":{"@id":"https:\/\/cafe-ruhrblick.ruhr\/#\/schema\/logo\/image\/"}}]}},"_links":{"self":[{"href":"https:\/\/cafe-ruhrblick.ruhr\/index.php?rest_route=\/wp\/v2\/pages\/136","targetHints":{"allow":["GET"]}}],"collection":[{"href":"https:\/\/cafe-ruhrblick.ruhr\/index.php?rest_route=\/wp\/v2\/pages"}],"about":[{"href":"https:\/\/cafe-ruhrblick.ruhr\/index.php?rest_route=\/wp\/v2\/types\/page"}],"author":[{"embeddable":true,"href":"https:\/\/cafe-ruhrblick.ruhr\/index.php?rest_route=\/wp\/v2\/users\/1"}],"replies":[{"embeddable":true,"href":"https:\/\/cafe-ruhrblick.ruhr\/index.php?rest_route=%2Fwp%2Fv2%2Fcomments&post=136"}],"version-history":[{"count":1,"href":"https:\/\/cafe-ruhrblick.ruhr\/index.php?rest_route=\/wp\/v2\/pages\/136\/revisions"}],"predecessor-version":[{"id":137,"href":"https:\/\/cafe-ruhrblick.ruhr\/index.php?rest_route=\/wp\/v2\/pages\/136\/revisions\/137"}],"wp:attachment":[{"href":"https:\/\/cafe-ruhrblick.ruhr\/index.php?rest_route=%2Fwp%2Fv2%2Fmedia&parent=136"}],"curies":[{"name":"wp","href":"https:\/\/api.w.org\/{rel}","templated":true}]}}